{"id":8359,"date":"2024-11-15T23:12:59","date_gmt":"2024-11-15T23:12:59","guid":{"rendered":"https:\/\/ecomodulares.cl\/?post_type=eco_testimonio&#038;p=8359"},"modified":"2025-10-21T23:26:05","modified_gmt":"2025-10-21T23:26:05","slug":"la-solucion-perfecta-para-nuestra-oficina-en-el-jardin","status":"publish","type":"eco_testimonio","link":"https:\/\/ecomodulares.cl\/index.php\/eco_testimonio\/la-solucion-perfecta-para-nuestra-oficina-en-el-jardin\/","title":{"rendered":"La soluci\u00f3n perfecta para nuestra oficina en el jard\u00edn"},"content":{"rendered":"<p>Con el teletrabajo necesitaba un espacio profesional separado de la casa. La idea de una construcci\u00f3n tradicional era un dolor de cabeza, pero el m\u00f3dulo ECOTINY fue la soluci\u00f3n ideal. La instalaci\u00f3n fue incre\u00edblemente limpia y en pocos d\u00edas ten\u00eda una oficina funcional y de alta calidad en mi jard\u00edn. La aislaci\u00f3n es excelente y me permite concentrarme sin interrupciones. \u00a1Un cambio de vida!<\/p>\n","protected":false},"template":"","tipo_cliente":[59],"_links":{"self":[{"href":"https:\/\/ecomodulares.cl\/index.php\/wp-json\/wp\/v2\/eco_testimonio\/8359"}],"collection":[{"href":"https:\/\/ecomodulares.cl\/index.php\/wp-json\/wp\/v2\/eco_testimonio"}],"about":[{"href":"https:\/\/ecomodulares.cl\/index.php\/wp-json\/wp\/v2\/types\/eco_testimonio"}],"wp:attachment":[{"href":"https:\/\/ecomodulares.cl\/index.php\/wp-json\/wp\/v2\/media?parent=8359"}],"wp:term":[{"taxonomy":"tipo_cliente","embeddable":true,"href":"https:\/\/ecomodulares.cl\/index.php\/wp-json\/wp\/v2\/tipo_cliente?post=8359"}],"curies":[{"name":"wp","href":"https:\/\/api.w.org\/{rel}","templated":true}]}}